{"id":106,"date":"2023-03-23T13:00:23","date_gmt":"2023-03-23T12:00:23","guid":{"rendered":"http:\/\/wordpress.p638000.webspaceconfig.de\/?page_id=106"},"modified":"2024-05-06T15:37:48","modified_gmt":"2024-05-06T13:37:48","slug":"dienstleistungen","status":"publish","type":"page","link":"https:\/\/help4help.at\/hu\/dienstleistungen\/","title":{"rendered":"Szolg\u00e1ltat\u00e1sok"},"content":{"rendered":"<div class=\"wp-block-columns has-white-background-color has-background is-layout-flex wp-container-core-columns-is-layout-28f84493 wp-block-columns-is-layout-flex\">\n<div class=\"wp-block-column is-vertically-aligned-top is-layout-flow wp-block-column-is-layout-flow\">\n<!-- Slideshow container -->\n<div class=\"slideshow-container\">\n\n  <!-- Full-width images with number and caption text -->\n  <div class=\"mySlides fade\">\n    <img decoding=\"async\" src=\"\/wp-content\/uploads\/2024\/05\/b1.jpg\" style=\"width:100%\">\n  <\/div>\n\n  <div class=\"mySlides fade\">\n    <img decoding=\"async\" src=\"\/wp-content\/uploads\/2024\/05\/b2.jpg\" style=\"width:100%\">\n  <\/div>\n\n<\/div>\n<\/div>\n\n\n\n<div class=\"wp-block-column is-layout-flow wp-block-column-is-layout-flow\">\n<h1 class=\"wp-block-heading\">Szolg\u00e1ltat\u00e1sok<\/h1>\n\n\n\n<p>Nem k\u00edn\u00e1lunk szabv\u00e1nyos megold\u00e1sokat. Mert tudjuk, hogy: Minden eset m\u00e1s.&nbsp;<\/p>\n\n\n\n<p>Ez\u00e9rt szakk\u00e9pzett \u00e1pol\u00f3knak, szakorvosoknak, orvosoknak \u00e9s eg\u00e9szs\u00e9g\u00fcgyi szakembereknek k\u00edn\u00e1lunk munkalehet\u0151s\u00e9get, hogy beilleszkedjenek az osztr\u00e1k szoci\u00e1lis rendszerbe.<\/p>\n\n\n\n<ul class=\"wp-block-list\">\n<li>A gondoz\u00f3knak \u00e9s az eg\u00e9szs\u00e9g\u00fcgyi szakembereknek nem kell \u00f6nfoglalkoztat\u00f3k\u00e9nt regisztr\u00e1ltatniuk magukat n\u00e1lunk.<\/li>\n\n\n\n<li>Eg\u00e9szs\u00e9g\u00fcgyi \u00e9s \u00e1pol\u00e1si int\u00e9zm\u00e9nyekhez \u00e9s mobil szoci\u00e1lis szolg\u00e1ltat\u00e1sokhoz ir\u00e1ny\u00edtjuk \u0151ket.\u00a0<\/li>\n\n\n\n<li>A foglalkoztat\u00e1s lehet\u0151v\u00e9 teszi az osztr\u00e1k szoci\u00e1lis h\u00e1l\u00f3ba val\u00f3 beilleszked\u00e9st, \u00e9s \u00edgy a k\u00f6zvet\u00edt\u00e9s\u00fcnk munkan\u00e9lk\u00fcli seg\u00e9lyt, 14 fizet\u00e9st, megfelel\u0151 biztos\u00edt\u00e1st \u00e9s sz\u00e1mos egy\u00e9b v\u00e1llalati juttat\u00e1st biztos\u00edt.<\/li>\n\n\n\n<li>\u00c1tfog\u00f3 integr\u00e1ci\u00f3s menedzsmentet is k\u00edn\u00e1lunk \u00fcgyfeleink napi m\u0171k\u00f6d\u00e9s\u00e9ben, valamint a kihelyezett vagy b\u00e9relt szakszem\u00e9lyzet\u00fcnk szoci\u00e1lis k\u00f6rnyezet\u00e9ben.<\/li>\n<\/ul>\n\n\n\n<p><strong>Ez azt jelenti, hogy az elhelyez\u00e9s vagy \u00e1thelyez\u00e9s az EU-b\u00f3l:<\/strong><\/p>\n\n\n\n<ul class=\"wp-block-list\">\n<li>A megfelel\u0151 jel\u00f6ltek sz\u0171r\u00e9se \u00e9s el\u0151v\u00e1logat\u00e1sa az adott ter\u00fcleten\n<ul class=\"wp-block-list\">\n<li>Beszerz\u00e9s \u00e9s min\u0151s\u00edt\u00e9s az \u00fcgyf\u00e9l el\u0151\u00edr\u00e1sai szerint<\/li>\n\n\n\n<li>A toborz\u00e1si ter\u00fclet \u00f6sszes adminisztrat\u00edv tev\u00e9kenys\u00e9g\u00e9nek kezel\u00e9se\u00a0\u00a0\u00a0\u00a0\u00a0<\/li>\n\n\n\n<li>T\u00e1mogat\u00e1s az \u00e1pol\u00f3szem\u00e9lyzet, az eg\u00e9szs\u00e9g\u00fcgyi szakemberek, az orvosok \u00e9s a szakorvosok sz\u00e1m\u00e1ra a sz\u00e1ll\u00e1skeres\u00e9sben, a regisztr\u00e1ci\u00f3ban, az elhelyez\u00e9sben \u00e9s az ausztriai dokumentumok kezel\u00e9s\u00e9ben.<\/li>\n<\/ul>\n<\/li>\n\n\n\n<li>Beilleszked\u00e9s az osztr\u00e1k szoci\u00e1lis rendszerbe<\/li>\n<\/ul>\n\n\n\n<p><strong>Ez harmadik orsz\u00e1gok k\u00f6zvet\u00edt\u00e9s\u00e9t jelenti:<\/strong><\/p>\n\n\n\n<ul class=\"wp-block-list\">\n<li>A megfelel\u0151 jel\u00f6ltek sz\u0171r\u00e9se \u00e9s el\u0151v\u00e1logat\u00e1sa az adott ter\u00fcleten\n<ul class=\"wp-block-list\">\n<li>Beszerz\u00e9s \u00e9s min\u0151s\u00edt\u00e9s az \u00fcgyf\u00e9l el\u0151\u00edr\u00e1sai szerint<\/li>\n\n\n\n<li>Els\u0151 interj\u00fa \u00e9s \u00e1ll\u00e1sinterj\u00fa (meger\u0151s\u00edt\u0151 k\u00e9rd\u00e9sek az \u00f6n\u00e9letrajzra, munkatapasztalatra, k\u00e9szs\u00e9gekre vonatkoz\u00f3an)<\/li>\n<\/ul>\n<\/li>\n\n\n\n<li>H\u00e1tt\u00e9rellen\u0151rz\u00e9sek\n<ul class=\"wp-block-list\">\n<li>Meggy\u0151z\u0151d\u00fcnk arr\u00f3l, hogy az \u00fcgyf\u00e9l minden \u00faj alkalmazottja \u00e1tesett az orvosi vizsg\u00e1laton.<\/li>\n\n\n\n<li>K\u00e9pzett \u00e9s akkredit\u00e1lt orvos igazolja, hogy a jel\u00f6lt alkalmas \u00e9s elk\u00f6telezett a r\u00e1b\u00edzott feladatok ell\u00e1t\u00e1s\u00e1ra, valamint rendelkezik \u00e9rv\u00e9nyes orvosi igazol\u00e1sokkal \u00e9s az \u00f6sszes sz\u00fcks\u00e9ges v\u00e9d\u0151olt\u00e1ssal.<\/li>\n<\/ul>\n<\/li>\n\n\n\n<li>A munkaer\u0151-felv\u00e9tel \u00e9s a v\u00edzum\u00fcgy ter\u00fclet\u00e9n v\u00e9gzett valamennyi adminisztrat\u00edv tev\u00e9kenys\u00e9g kezel\u00e9se.\n<ul class=\"wp-block-list\">\n<li>Kapcsolattart\u00e1s a leend\u0151 munkaad\u00f3k \u00e9s az \u00e1zsiai r\u00e9gi\u00f3 \u00fcgyn\u00f6ks\u00e9gei k\u00f6z\u00f6tt<\/li>\n\n\n\n<li>A v\u00edzumelj\u00e1r\u00e1shoz sz\u00fcks\u00e9ges valamennyi dokumentum beszerz\u00e9se<\/li>\n\n\n\n<li>Az Osztr\u00e1k Orvosi Kamar\u00e1val \u00e9s a B\u00e9csi Orvosi Egyetemmel egy\u00fcttm\u0171k\u00f6d\u00e9sben a hum\u00e1n orvosi diploma megszerz\u00e9s\u00e9hez sz\u00fcks\u00e9ges nosztrifik\u00e1ci\u00f3.<\/li>\n\n\n\n<li>N\u00e9met nyelvtanfolyam C1 szint\u0171 bizony\u00edtv\u00e1nyig Goethe Int\u00e9zet (a N\u00e9met Nagyk\u00f6vets\u00e9g t\u00e1mogat\u00e1s\u00e1val)<\/li>\n\n\n\n<li>Tervez\u00e9s \u00e9s t\u00e1mogat\u00e1s a telep\u00edt\u00e9s el\u0151tt \u00e9s ut\u00e1n<\/li>\n\n\n\n<li>T\u00e1mogat\u00e1s az indon\u00e9z \u00e9s a F\u00fcl\u00f6p-szigeteki hat\u00f3s\u00e1gok sz\u00e1m\u00e1ra k\u00e9sz\u00fcl\u0151 dokumentumok \u00e9s megfelel\u00e9si k\u00f6vetelm\u00e9nyek elk\u00e9sz\u00edt\u00e9s\u00e9ben.<\/li>\n<\/ul>\n<\/li>\n\n\n\n<li>T\u00e1mogat\u00e1s eg\u00e9szs\u00e9g\u00fcgyi szakemberek, orvosok \u00e9s szakorvosok sz\u00e1m\u00e1ra az ausztriai sz\u00e1ll\u00e1skeres\u00e9sben, regisztr\u00e1ci\u00f3ban, elhelyezked\u00e9sben \u00e9s dokumentumaik kezel\u00e9s\u00e9ben.<\/li>\n\n\n\n<li>Beilleszked\u00e9s az osztr\u00e1k szoci\u00e1lis rendszerbe\n<ul class=\"wp-block-list\">\n<li>Kapcsolattart\u00f3 pont minden elhelyezett munkav\u00e1llal\u00f3 sz\u00e1m\u00e1ra<\/li>\n\n\n\n<li>Seg\u00edts\u00e9gny\u00fajt\u00e1s az osztr\u00e1k t\u00e1rsadalomba val\u00f3 z\u00f6kken\u0151mentes beilleszked\u00e9shez<\/li>\n\n\n\n<li>T\u00f6rzsasztalok \u00e9s kultur\u00e1lis rendezv\u00e9nyek szervez\u00e9se<\/li>\n<\/ul>\n<\/li>\n<\/ul>\n\n\n\n<p><strong>VEL\u00dcNK EGY\u00dcTT K\u00d6NNY\u00cdT\u00c9ST HOZUNK L\u00c9TRE AZ EG\u00c9SZS\u00c9G\u00dcGYI RENDSZERBEN<\/strong><\/p>\n\n\n\n<p>Tov\u00e1bbi k\u00e9rd\u00e9se van a szakk\u00e9pzett \u00e1pol\u00f3szem\u00e9lyzet vagy szakorvosok t\u00e1mogat\u00e1s\u00e1val kapcsolatban?<\/p>\n\n\n\n<p><strong>K\u00e9rj\u00fck, forduljon hozz\u00e1nk bizalommal.<\/strong><\/p>\n<\/div>\n<\/div>","protected":false},"excerpt":{"rendered":"<p>Unsere Leistungen Wir bieten keine Standardl\u00f6sungen. Denn wir wissen: Jeder Fall ist anders.&nbsp; Deshalb bieten wir diplomierten Pflegekr\u00e4ften, medizinischem Fachpersonal, \u00c4rzte und Fach\u00e4rzte die M\u00f6glichkeit einer Anstellung, um sie in das \u00f6sterreichische Sozialsystem einzugliedern. Das bedeutet f\u00fcr die Vermittlung oder \u00dcberlassung aus der EU: Das bedeutet f\u00fcr die Vermittlung aus den Drittstaaten: MIT UNS SCHAFFEN &hellip;<\/p>\n<p class=\"read-more\"> <a class=\"\" href=\"https:\/\/help4help.at\/hu\/dienstleistungen\/\"> <span class=\"screen-reader-text\">Szolg\u00e1ltat\u00e1sok<\/span> Read More &raquo;<\/a><\/p>","protected":false},"author":1,"featured_media":0,"parent":0,"menu_order":0,"comment_status":"closed","ping_status":"closed","template":"","meta":{"site-sidebar-layout":"default","site-content-layout":"default","ast-global-header-display":"","ast-main-header-display":"","ast-hfb-above-header-display":"","ast-hfb-below-header-display":"","ast-hfb-mobile-header-display":"","site-post-title":"disabled","ast-breadcrumbs-content":"","ast-featured-img":"","footer-sml-layout":"","theme-transparent-header-meta":"","adv-header-id-meta":"","stick-header-meta":"","header-above-stick-meta":"","header-main-stick-meta":"","header-below-stick-meta":"","footnotes":""},"class_list":["post-106","page","type-page","status-publish","hentry"],"_links":{"self":[{"href":"https:\/\/help4help.at\/hu\/wp-json\/wp\/v2\/pages\/106","targetHints":{"allow":["GET"]}}],"collection":[{"href":"https:\/\/help4help.at\/hu\/wp-json\/wp\/v2\/pages"}],"about":[{"href":"https:\/\/help4help.at\/hu\/wp-json\/wp\/v2\/types\/page"}],"author":[{"embeddable":true,"href":"https:\/\/help4help.at\/hu\/wp-json\/wp\/v2\/users\/1"}],"replies":[{"embeddable":true,"href":"https:\/\/help4help.at\/hu\/wp-json\/wp\/v2\/comments?post=106"}],"version-history":[{"count":19,"href":"https:\/\/help4help.at\/hu\/wp-json\/wp\/v2\/pages\/106\/revisions"}],"predecessor-version":[{"id":464,"href":"https:\/\/help4help.at\/hu\/wp-json\/wp\/v2\/pages\/106\/revisions\/464"}],"wp:attachment":[{"href":"https:\/\/help4help.at\/hu\/wp-json\/wp\/v2\/media?parent=106"}],"curies":[{"name":"wp","href":"https:\/\/api.w.org\/{rel}","templated":true}]}}