{"id":106,"date":"2023-03-23T13:00:23","date_gmt":"2023-03-23T12:00:23","guid":{"rendered":"http:\/\/wordpress.p638000.webspaceconfig.de\/?page_id=106"},"modified":"2024-05-06T15:37:48","modified_gmt":"2024-05-06T13:37:48","slug":"dienstleistungen","status":"publish","type":"page","link":"https:\/\/help4help.at\/pt\/dienstleistungen\/","title":{"rendered":"Servi\u00e7os"},"content":{"rendered":"<div class=\"wp-block-columns has-white-background-color has-background is-layout-flex wp-container-core-columns-is-layout-28f84493 wp-block-columns-is-layout-flex\">\n<div class=\"wp-block-column is-vertically-aligned-top is-layout-flow wp-block-column-is-layout-flow\">\n<!-- Slideshow container -->\n<div class=\"slideshow-container\">\n\n  <!-- Full-width images with number and caption text -->\n  <div class=\"mySlides fade\">\n    <img decoding=\"async\" src=\"\/wp-content\/uploads\/2024\/05\/b1.jpg\" style=\"width:100%\">\n  <\/div>\n\n  <div class=\"mySlides fade\">\n    <img decoding=\"async\" src=\"\/wp-content\/uploads\/2024\/05\/b2.jpg\" style=\"width:100%\">\n  <\/div>\n\n<\/div>\n<\/div>\n\n\n\n<div class=\"wp-block-column is-layout-flow wp-block-column-is-layout-flow\">\n<h1 class=\"wp-block-heading\">Unsere Leistungen<\/h1>\n\n\n\n<p>Wir bieten keine Standardl\u00f6sungen. Denn wir wissen: Jeder Fall ist anders.&nbsp;<\/p>\n\n\n\n<p>Deshalb bieten wir diplomierten Pflegekr\u00e4ften, medizinischem Fachpersonal, \u00c4rzte und Fach\u00e4rzte die M\u00f6glichkeit einer Anstellung, um sie in das \u00f6sterreichische Sozialsystem einzugliedern.<\/p>\n\n\n\n<ul class=\"wp-block-list\">\n<li>Pflegekr\u00e4fte und medizinisches Fachpersonal m\u00fcssen bei uns nicht selbstst\u00e4ndig gemeldet sein.<\/li>\n\n\n\n<li>Sie werden von uns an Gesundheits- und Pflegeeinrichtungen, sowie mobilen sozialen Diensten vermittelt.\u00a0<\/li>\n\n\n\n<li>Die Anstellung erm\u00f6glicht die Integration in das Sozialgef\u00fcge \u00d6sterreichs und so erh\u00e4lt unsere Vermittlung &#8211; Arbeitslosengeld, 14 Geh\u00e4lter, eine hinreichende Versicherung und diverse andere betriebliche Leistungen.<\/li>\n\n\n\n<li>Wir bieten auch ein umfassendes Integrationsmanagement im laufenden Betrieb unseres Kunden, als auch im sozialen Umfeld unserer vermittelten oder \u00fcberlassenen Fachpersonal.<\/li>\n<\/ul>\n\n\n\n<p><strong>Das bedeutet f\u00fcr die Vermittlung oder \u00dcberlassung aus der EU:<\/strong><\/p>\n\n\n\n<ul class=\"wp-block-list\">\n<li>Screening und Vorselektion von passenden Kandidaten in dem jeweiligen Bereich\n<ul class=\"wp-block-list\">\n<li>Beschaffung und Qualifikationen entsprechend den Spezifikationen des Auftraggebers<\/li>\n\n\n\n<li>Abwicklung aller administrativen T\u00e4tigkeiten im Rekrutierungsbereich\u00a0\u00a0\u00a0\u00a0\u00a0<\/li>\n\n\n\n<li>Unterst\u00fctzung der Pflegekr\u00e4fte, des medizinisches Fachpersonals, \u00c4rzte und Fach\u00e4rzte bei der Wohnungssuche, Registrierung, Vermittlung und der Verwaltung ihrer Dokumente in \u00d6sterreich<\/li>\n<\/ul>\n<\/li>\n\n\n\n<li>Integration in das \u00f6sterreichische Sozialsystem<\/li>\n<\/ul>\n\n\n\n<p><strong>Das bedeutet f\u00fcr die Vermittlung aus den Drittstaaten:<\/strong><\/p>\n\n\n\n<ul class=\"wp-block-list\">\n<li>Screening und Vorselektion von passenden Kandidaten in dem jeweiligen Bereich\n<ul class=\"wp-block-list\">\n<li>Beschaffung und Qualifikationen entsprechend den Spezifikationen des Auftraggebers<\/li>\n\n\n\n<li>Erstgespr\u00e4ch und Vorstellungsgespr\u00e4ch (Best\u00e4tigungsfragen zu Lebenslaufinformationen, Berufserfahrung, F\u00e4higkeiten)<\/li>\n<\/ul>\n<\/li>\n\n\n\n<li>Hintergrund\u00fcberpr\u00fcfungen\n<ul class=\"wp-block-list\">\n<li>Wir stellen Sie sicher, dass alle neuen Mitarbeiter des Auftraggebers eine \u00e4rztliche Untersuchung bestanden haben<\/li>\n\n\n\n<li>Ein qualifizierter und akkreditierter Arzt bescheinigt, dass der Kandidat f\u00fcr die Aufgaben, die ihm \u00fcbertragen werden, geeignet und engagiert ist und, im Besitz g\u00fcltiger \u00e4rztlicher Atteste und aller erforderlichen Impfungen ist<\/li>\n<\/ul>\n<\/li>\n\n\n\n<li>Abwicklung aller administrativen T\u00e4tigkeiten im Rekrutierungs- und Visabereich\n<ul class=\"wp-block-list\">\n<li>Schnittstelle zwischen zuk\u00fcnftigen Arbeitgeber und den Agenturen im asiatischen Raum<\/li>\n\n\n\n<li>Beschaffung aller relevanten Dokumente f\u00fcr die Abwicklung des Visa Prozesses<\/li>\n\n\n\n<li>Nostrifizierung f\u00fcr das Diplomstudium Humanmedizin, in Abstimmung mit der \u00f6sterreichischen \u00c4rztekammer und der Medizinischen Universit\u00e4t Wien<\/li>\n\n\n\n<li>Deutsche Sprachausbildung bis zu C1 Niveau Zertifizierung Goethe Institut (unterst\u00fctzt durch die deutsche Botschaft)<\/li>\n\n\n\n<li>Planung und Betreuung vor und nach dem Einsatz<\/li>\n\n\n\n<li>Unterst\u00fctzung bei der Vorbereitung von Dokumenten und Compliance-Anforderungen f\u00fcr die Indonesischen und Philippinischen Beh\u00f6rden<\/li>\n<\/ul>\n<\/li>\n\n\n\n<li>Unterst\u00fctzung des medizinisches Fachpersonals, \u00c4rzte und Fach\u00e4rzte bei der Wohnungssuche, Registrierung, Vermittlung und der Verwaltung ihrer Dokumente in \u00d6sterreich<\/li>\n\n\n\n<li>Integration in das \u00f6sterreichische Sozialsystem\n<ul class=\"wp-block-list\">\n<li>Anlaufstelle f\u00fcr alle vermittelten Mitarbeitern<\/li>\n\n\n\n<li>Hilfestellung bei der reibungslosen Einbindung in die \u00d6sterreichische Gesellschaft<\/li>\n\n\n\n<li>Organisation von Stammtischen und kulturellen Events<\/li>\n<\/ul>\n<\/li>\n<\/ul>\n\n\n\n<p><strong>MIT UNS SCHAFFEN WIR DIE ENTLASTUNG IM GESUNDHEITSSYSTEM<\/strong><\/p>\n\n\n\n<p>Sie haben weitere Fragen zur Unterst\u00fctzung von diplomiertem Pflegepersonal bzw. medizinisches Fachpersonal?<\/p>\n\n\n\n<p><strong>Kontaktieren Sie uns sehr gerne.<\/strong><\/p>\n<\/div>\n<\/div>","protected":false},"excerpt":{"rendered":"<p>Unsere Leistungen Wir bieten keine Standardl\u00f6sungen. Denn wir wissen: Jeder Fall ist anders.&nbsp; Deshalb bieten wir diplomierten Pflegekr\u00e4ften, medizinischem Fachpersonal, \u00c4rzte und Fach\u00e4rzte die M\u00f6glichkeit einer Anstellung, um sie in das \u00f6sterreichische Sozialsystem einzugliedern. Das bedeutet f\u00fcr die Vermittlung oder \u00dcberlassung aus der EU: Das bedeutet f\u00fcr die Vermittlung aus den Drittstaaten: MIT UNS SCHAFFEN &hellip;<\/p>\n<p class=\"read-more\"> <a class=\"\" href=\"https:\/\/help4help.at\/pt\/dienstleistungen\/\"> <span class=\"screen-reader-text\">Servi\u00e7os<\/span> Leia mais &raquo;<\/a><\/p>","protected":false},"author":1,"featured_media":0,"parent":0,"menu_order":0,"comment_status":"closed","ping_status":"closed","template":"","meta":{"site-sidebar-layout":"default","site-content-layout":"default","ast-global-header-display":"","ast-main-header-display":"","ast-hfb-above-header-display":"","ast-hfb-below-header-display":"","ast-hfb-mobile-header-display":"","site-post-title":"disabled","ast-breadcrumbs-content":"","ast-featured-img":"","footer-sml-layout":"","theme-transparent-header-meta":"","adv-header-id-meta":"","stick-header-meta":"","header-above-stick-meta":"","header-main-stick-meta":"","header-below-stick-meta":"","footnotes":""},"class_list":["post-106","page","type-page","status-publish","hentry"],"_links":{"self":[{"href":"https:\/\/help4help.at\/pt\/wp-json\/wp\/v2\/pages\/106","targetHints":{"allow":["GET"]}}],"collection":[{"href":"https:\/\/help4help.at\/pt\/wp-json\/wp\/v2\/pages"}],"about":[{"href":"https:\/\/help4help.at\/pt\/wp-json\/wp\/v2\/types\/page"}],"author":[{"embeddable":true,"href":"https:\/\/help4help.at\/pt\/wp-json\/wp\/v2\/users\/1"}],"replies":[{"embeddable":true,"href":"https:\/\/help4help.at\/pt\/wp-json\/wp\/v2\/comments?post=106"}],"version-history":[{"count":19,"href":"https:\/\/help4help.at\/pt\/wp-json\/wp\/v2\/pages\/106\/revisions"}],"predecessor-version":[{"id":464,"href":"https:\/\/help4help.at\/pt\/wp-json\/wp\/v2\/pages\/106\/revisions\/464"}],"wp:attachment":[{"href":"https:\/\/help4help.at\/pt\/wp-json\/wp\/v2\/media?parent=106"}],"curies":[{"name":"wp","href":"https:\/\/api.w.org\/{rel}","templated":true}]}}